{"id":2772,"date":"2026-03-29T20:36:24","date_gmt":"2026-03-29T20:36:24","guid":{"rendered":"https:\/\/lochrobry.pl\/?page_id=2772"},"modified":"2026-03-29T20:40:03","modified_gmt":"2026-03-29T20:40:03","slug":"o-konferencji","status":"publish","type":"page","link":"https:\/\/lochrobry.pl\/?page_id=2772","title":{"rendered":"O konferencji"},"content":{"rendered":"<p style=\"text-align: justify;\"><span style=\"color: #000000;\"><strong>Konferencja w \u201eChrobrym\u201d \u2013 o edukacji, kt\u00f3ra wyprzedza jutro<\/strong><\/span><\/p>\n<p style=\"text-align: justify;\"><span style=\"color: #000000;\"><strong>31 marca 2026 roku w Liceum Og\u00f3lnokszta\u0142c\u0105cym z Oddzia\u0142ami Dwuj\u0119zycznymi im. Boles\u0142awa Chrobrego w Gryficach odb\u0119dzie si\u0119 wyj\u0105tkowe wydarzenie po\u015bwi\u0119cone nowoczesnej edukacji i kompetencjom przysz\u0142o\u015bci. Konferencja, trwaj\u0105ca ponad sze\u015b\u0107 godzin, zgromadzi uczni\u00f3w, nauczycieli, ekspert\u00f3w oraz wszystkich zainteresowanych rozwojem wsp\u00f3\u0142czesnej szko\u0142y.<\/strong><\/span><\/p>\n<p style=\"text-align: justify;\"><span style=\"color: #000000;\">Uroczyste otwarcie odb\u0119dzie si\u0119 w Gryfickim Domu Kultury, gdzie uczestnicy zostan\u0105 powitani i wprowadzeni w tematyk\u0119 spotkania. Wyk\u0142ad inauguracyjny wyg\u0142osi dr hab. Maksymilian Chutora\u0144ski, prof. Uniwersytetu Szczeci\u0144skiego, kt\u00f3ry w wyst\u0105pieniu pt. \u201eSzko\u0142a przysz\u0142o\u015bci \u2013 kompetencje, kt\u00f3rych nie znajdziemy w podr\u0119cznikach\u201d zwr\u00f3ci uwag\u0119 na rol\u0119 wsp\u00f3\u0142czesnej szko\u0142y w zakresie budowania i rozwijania r\u00f3\u017cnych kompetencji.<\/span><\/p>\n<p style=\"text-align: justify;\"><span style=\"color: #000000;\">Kolejnym wa\u017cnym punktem programu b\u0119dzie panel dyskusyjny, podczas kt\u00f3rego uczestnicy wsp\u00f3lnie zastanowi\u0105 si\u0119 nad rol\u0105 szko\u0142y w kszta\u0142towaniu kompetencji przysz\u0142o\u015bci oraz nad perspektyw\u0105 ucznia w nowoczesnym procesie nauczania. B\u0119dzie to przestrze\u0144 do wymiany do\u015bwiadcze\u0144 i opinii oraz dialogu mi\u0119dzy wszystkimi uczestnikami \u017cycia szkolnego.<\/span><\/p>\n<p style=\"text-align: justify;\"><span style=\"color: #000000;\">Szczeg\u00f3lnie ciekawie zapowiadaj\u0105 si\u0119 zaj\u0119cia i warsztaty w \u201eChrobrym\u201d, kt\u00f3re zostan\u0105 przeprowadzone przez szkolne grupy projektowe dzia\u0142aj\u0105ce w ramach Olimpiady \u201eZwolnieni z Teorii\u201d oraz zaproszonych specjalist\u00f3w. Uczestnicy wezm\u0105 udzia\u0142 w zaj\u0119ciach takich jak \u201eFormu\u0142a lidera\u201d, rozwijaj\u0105cych umiej\u0119tno\u015bci przyw\u00f3dcze i spo\u0142eczne, \u201eKliknij prawd\u0119\u201d, po\u015bwi\u0119conych wp\u0142ywowi medi\u00f3w spo\u0142eczno\u015bciowych i zjawisku fake news\u00f3w, oraz \u201eM\u0142odzi bez paniki\u201d, przybli\u017caj\u0105cych zasady obrony cywilnej i radzenia sobie w sytuacjach kryzysowych.<\/span><\/p>\n<p style=\"text-align: justify;\"><span style=\"color: #000000;\">Nie zabraknie r\u00f3wnie\u017c aktywno\u015bci w terenie. Gra miejska \u201eSurvival\u201d, zorganizowana w przestrzeni Gryfic \u2013 m.in. w parku miejskim oraz na strzelnicy \u2013 pozwoli uczestnikom sprawdzi\u0107 swoje umiej\u0119tno\u015bci wsp\u00f3\u0142pracy, orientacji w terenie i szybkiego podejmowania decyzji.<\/span><\/p>\n<p style=\"text-align: justify;\"><span style=\"color: #000000;\">Wydarzenie b\u0119dzie odbywa\u0107 si\u0119 w kilku lokalizacjach: w Gryfickim Domu Kultury, auli im. J\u00f3zefa Pa\u0144kowskiego oraz w przestrzeni miejskiej Gryfic, co dodatkowo podkre\u015bli jego otwarty i dynamiczny charakter.<\/span><\/p>\n<p><img fetchpriority=\"high\" decoding=\"async\" class=\"alignnone size-full wp-image-2608\" src=\"https:\/\/lochrobry.pl\/wp-content\/uploads\/2026\/03\/Plakat.png\" alt=\"\" width=\"1620\" height=\"1080\" srcset=\"https:\/\/lochrobry.pl\/wp-content\/uploads\/2026\/03\/Plakat.png 1620w, https:\/\/lochrobry.pl\/wp-content\/uploads\/2026\/03\/Plakat-300x200.png 300w, https:\/\/lochrobry.pl\/wp-content\/uploads\/2026\/03\/Plakat-1024x683.png 1024w, https:\/\/lochrobry.pl\/wp-content\/uploads\/2026\/03\/Plakat-768x512.png 768w, https:\/\/lochrobry.pl\/wp-content\/uploads\/2026\/03\/Plakat-1536x1024.png 1536w\" sizes=\"(max-width: 1620px) 100vw, 1620px\" \/><\/p>\n<p style=\"text-align: justify;\">&nbsp;<\/p>\n","protected":false},"excerpt":{"rendered":"<p>Konferencja w \u201eChrobrym\u201d \u2013 o edukacji, kt\u00f3ra wyprzedza jutro 31 marca 2026 roku w Liceum Og\u00f3lnokszta\u0142c\u0105cym z Oddzia\u0142ami Dwuj\u0119zycznymi im. Boles\u0142awa Chrobrego w Gryficach odb\u0119dzie si\u0119 wyj\u0105tkowe wydarzenie po\u015bwi\u0119cone nowoczesnej edukacji i kompetencjom przysz\u0142o\u015bci. Konferencja, trwaj\u0105ca ponad sze\u015b\u0107 godzin, zgromadzi uczni\u00f3w, nauczycieli, ekspert\u00f3w oraz wszystkich zainteresowanych rozwojem wsp\u00f3\u0142czesnej szko\u0142y. Uroczyste [&hellip;]<\/p>\n","protected":false},"author":1,"featured_media":0,"parent":0,"menu_order":0,"comment_status":"closed","ping_status":"closed","template":"","meta":{"ngg_post_thumbnail":0,"footnotes":""},"class_list":["post-2772","page","type-page","status-publish","hentry"],"_links":{"self":[{"href":"https:\/\/lochrobry.pl\/index.php?rest_route=\/wp\/v2\/pages\/2772","targetHints":{"allow":["GET"]}}],"collection":[{"href":"https:\/\/lochrobry.pl\/index.php?rest_route=\/wp\/v2\/pages"}],"about":[{"href":"https:\/\/lochrobry.pl\/index.php?rest_route=\/wp\/v2\/types\/page"}],"author":[{"embeddable":true,"href":"https:\/\/lochrobry.pl\/index.php?rest_route=\/wp\/v2\/users\/1"}],"replies":[{"embeddable":true,"href":"https:\/\/lochrobry.pl\/index.php?rest_route=%2Fwp%2Fv2%2Fcomments&post=2772"}],"version-history":[{"count":3,"href":"https:\/\/lochrobry.pl\/index.php?rest_route=\/wp\/v2\/pages\/2772\/revisions"}],"predecessor-version":[{"id":2779,"href":"https:\/\/lochrobry.pl\/index.php?rest_route=\/wp\/v2\/pages\/2772\/revisions\/2779"}],"wp:attachment":[{"href":"https:\/\/lochrobry.pl\/index.php?rest_route=%2Fwp%2Fv2%2Fmedia&parent=2772"}],"curies":[{"name":"wp","href":"https:\/\/api.w.org\/{rel}","templated":true}]}}