{"id":2339,"date":"2025-06-21T15:34:45","date_gmt":"2025-06-21T15:34:45","guid":{"rendered":"https:\/\/server462349.nazwa.pl\/wordpress\/wpn_Chrobry\/?page_id=2339"},"modified":"2025-06-21T15:34:45","modified_gmt":"2025-06-21T15:34:45","slug":"historia","status":"publish","type":"page","link":"https:\/\/lochrobry.pl\/?page_id=2339","title":{"rendered":"Historia"},"content":{"rendered":"<section id=\"comp-lx30kuys1\" class=\"Oqnisf comp-lx30kuys1 wixui-section\" tabindex=\"-1\" data-block-level-container=\"ClassicSection\">\n<div class=\"\" data-mesh-id=\"comp-lx30kuys1inlineContent\" data-testid=\"inline-content\">\n<div data-mesh-id=\"comp-lx30kuys1inlineContent-gridContainer\" data-testid=\"mesh-container-content\">\n<div id=\"comp-j5f12vgo\" class=\"Z_l5lU MMl86N zQ9jDz qvSjx3 Vq6kJx comp-j5f12vgo wixui-rich-text\" data-testid=\"richTextElement\">\n<p class=\"font_7 wixui-rich-text__text\"><span class=\"wixui-rich-text__text\">Obecne Liceum Og\u00f3lnokszta\u0142c\u0105ce z Oddzia\u0142ami Dwuj\u0119zycznymi im. Boles\u0142awa Chrobrego w Gryficach jest szko\u0142\u0105 z tradycjami si\u0119gaj\u0105cymi pocz\u0105tk\u00f3w II po\u0142owy XIX wieku. W\u00f3wczas to 15 pa\u017adziernika 1852 r. z inicjatywy kr\u00f3la pruskiego otwarte zosta\u0142o gimnazjum, kt\u00f3remu nadano imi\u0119 kr\u00f3la Fryderyka Wilhelma. Uczniami szko\u0142y byli synowie okolicznej arystokracji pomorskiej, synowie bogatych ch\u0142op\u00f3w i mieszczan. Pierwszy egzamin dojrza\u0142o\u015bci przeprowadzony zosta\u0142 w 1857 r.<\/span><\/p>\n<p class=\"font_7 wixui-rich-text__text\">&nbsp;<\/p>\n<p class=\"font_7 wixui-rich-text__text\"><span class=\"wixui-rich-text__text\">Od samego pocz\u0105tku istnienia szko\u0142y w\u0142adze pruskie skupia\u0142y na niej swoj\u0105 uwag\u0119, co wynika\u0142o z g\u0142\u00f3wnych cel\u00f3w, jakie postawiono plac\u00f3wce. Mia\u0142a ona bowiem kszta\u0142ci\u0107 i wychowywa\u0107 w pos\u0142usze\u0144stwie dla monarchy przysz\u0142ych urz\u0119dnik\u00f3w oraz wojskowych pruskich. Upadek Cesarstwa Niemieckiego w 1918 r. i niepokoje spo\u0142eczne, jakie w zwi\u0105zku z tym nast\u0105pi\u0142y, mia\u0142y r\u00f3wnie\u017c wp\u0142yw na funkcjonowanie szko\u0142y. Charakterystyczny \u201epruski dryl\u201d stopniowo zel\u017ca\u0142.<\/span><\/p>\n<p class=\"font_7 wixui-rich-text__text\">&nbsp;<\/p>\n<p class=\"font_7 wixui-rich-text__text\"><span class=\"wixui-rich-text__text\">Ju\u017c 1 pa\u017adziernika 1918 r. powo\u0142ano pierwsz\u0105 Rad\u0119 Rodzic\u00f3w, a w 1920 r. po raz pierwszy wybrano gospodarzy klas oraz opiekuna samorz\u0105du szkolnego. W 1923 r. w mury szko\u0142y wst\u0105pi\u0142y po raz pierwszy dziewcz\u0119ta, kt\u00f3re dotychczas mia\u0142y mo\u017cliwo\u015b\u0107 nauki wy\u0142\u0105cznie w szkole dla panien mieszcz\u0105cej si\u0119 w budynku obecnego Gimnazjum nr 2.<\/span><\/p>\n<p class=\"font_7 wixui-rich-text__text\"><span class=\"wixui-rich-text__text\">&nbsp; &nbsp; &nbsp; &nbsp; &nbsp; &nbsp; &nbsp;<\/span><\/p>\n<p class=\"font_7 wixui-rich-text__text\"><span class=\"wixui-rich-text__text\">Wraz z zako\u0144czeniem II wojny \u015bwiatowej rozpocz\u0119to starania, aby otworzy\u0107 na ziemiach odzyskanych polsk\u0105 szko\u0142\u0119.<\/span><\/p>\n<p class=\"font_7 wixui-rich-text__text\"><span class=\"wixui-rich-text__text\"><span class=\"wixGuard wixui-rich-text__text\">\u200b<\/span><\/span><\/p>\n<p class=\"font_7 wixui-rich-text__text\"><span class=\"wixui-rich-text__text\">&nbsp;Poni\u017cej przedstawiamy kalendarium najwa\u017cniejszych wydarze\u0144&nbsp;<\/span><\/p>\n<p class=\"font_7 wixui-rich-text__text\"><span class=\"wixui-rich-text__text\">&nbsp;zwi\u0105zanych z 70-letni\u0105 dzia\u0142alno\u015bci\u0105 liceum.&nbsp;<\/span><\/p>\n<p class=\"font_7 wixui-rich-text__text\">&nbsp;<\/p>\n<p class=\"font_7 wixui-rich-text__text\"><span class=\"wixui-rich-text__text\">1945:&nbsp;Powo\u0142anie do \u017cycia Pa\u0144stwowego Gimnazjum i Liceum w Gryficach; zaj\u0119cia pocz\u0105tkowo odbywa\u0142y si\u0119 w pomieszczeniach zast\u0119pczych obecnego budynku Gimnazjum nr 2.<\/span><\/p>\n<p class=\"font_7 wixui-rich-text__text\"><span class=\"wixui-rich-text__text\">1946:&nbsp;<\/span><span class=\"wixui-rich-text__text\">Przekazanie liceum budynku po by\u0142ym Gimnazjum im. Fryderyka Wilhelma przy ul. Wa\u0142owej 18.<\/span><\/p>\n<p class=\"font_7 wixui-rich-text__text\"><span class=\"wixui-rich-text__text\">1947:&nbsp;<\/span><span class=\"wixui-rich-text__text\">Organizacja internatu szko\u0142y, kt\u00f3ry funkcjonowa\u0142 do 1995 roku.<\/span><\/p>\n<p class=\"font_7 wixui-rich-text__text\"><span class=\"wixui-rich-text__text\">1948:&nbsp;<\/span><span class=\"wixui-rich-text__text\">Reorganizacja szko\u0142y i zmiana nazwy na Liceum Og\u00f3lnokszta\u0142c\u0105ce;&nbsp;<\/span><span class=\"wixui-rich-text__text\">utworzenie Liceum dla Pracuj\u0105cych.<\/span><\/p>\n<p class=\"font_7 wixui-rich-text__text\"><span class=\"wixui-rich-text__text\">1949:&nbsp;<\/span><span class=\"wixui-rich-text__text\">Przeprowadzenie pierwszego egzaminu dojrza\u0142o\u015bci.<\/span><\/p>\n<p class=\"font_7 wixui-rich-text__text\"><span class=\"wixui-rich-text__text\">1950:&nbsp;<\/span><span class=\"wixui-rich-text__text\">Oddanie do u\u017cytku boiska sportowego powsta\u0142ego w wyniku odgruzowania terenu przy szkole;&nbsp;<\/span><span class=\"wixui-rich-text__text\">ostatnie zadekretowanie nowej nazwy szko\u0142y: Pa\u0144stwowa Szko\u0142a Og\u00f3lnokszta\u0142c\u0105ca Stopnia Licealnego.<\/span><\/p>\n<p class=\"font_7 wixui-rich-text__text\"><span class=\"wixui-rich-text__text\">1951:&nbsp;<\/span><span class=\"wixui-rich-text__text\">Oddanie do u\u017cytku sali gimnastycznej przy ul. Wa\u0142owej 22, w kt\u00f3rej dotychczas znajdowa\u0142 si\u0119 magazyn zbo\u017cowy.<\/span><\/p>\n<p class=\"font_7 wixui-rich-text__text\"><span class=\"wixui-rich-text__text\">1956:&nbsp;<\/span><span class=\"wixui-rich-text__text\">Reorganizacja szko\u0142y i zmiana nazwy na Szko\u0142\u0119 Podstawow\u0105 i Liceum Og\u00f3lnokszta\u0142c\u0105ce;&nbsp;<\/span><span class=\"wixui-rich-text__text\">rozpocz\u0119cie naboru uczni\u00f3w do klasy I szko\u0142y podstawowej.<\/span><\/p>\n<p class=\"font_7 wixui-rich-text__text\"><span class=\"wixui-rich-text__text\">1957:&nbsp;<\/span><span class=\"wixui-rich-text__text\">Powo\u0142anie do \u017cycia Filii Liceum Og\u00f3lnokszta\u0142c\u0105cego dla Oficer\u00f3w Garnizonu w Trzebiatowie.<\/span><\/p>\n<p class=\"font_7 wixui-rich-text__text\"><span class=\"wixui-rich-text__text\">1958:&nbsp;<\/span><span class=\"wixui-rich-text__text\">Przebudowanie sanitariatu w g\u0142\u0119bi posesji szkolnej na dwuklasowy obiekt dydaktyczny,&nbsp;<\/span><span class=\"wixui-rich-text__text\">\u017cartobliwie nazywanego przez uczni\u00f3w \u201ekurnikiem\u201d.<\/span><\/p>\n<p class=\"font_7 wixui-rich-text__text\"><span class=\"wixui-rich-text__text\">1959:&nbsp;Nadanie szkole imienia Boles\u0142awa Chrobrego oraz sztandaru.<\/span><\/p>\n<p class=\"font_7 wixui-rich-text__text\"><span class=\"wixui-rich-text__text\">1960:&nbsp;<\/span><span class=\"wixui-rich-text__text\">Utworzenie przy liceum Zasadniczej Szko\u0142y Zawodowej dla Pracuj\u0105cych, kt\u00f3ra funkcjonowa\u0142a do 1970 r.<\/span><\/p>\n<p class=\"font_7 wixui-rich-text__text\"><span class=\"wixui-rich-text__text\">1961:&nbsp;<\/span><span class=\"wixui-rich-text__text\">Utworzenie przy liceum Technikum Ekonomiczno-Handlowego, kt\u00f3re istnia\u0142o przy liceum do 1970 r.<\/span><\/p>\n<p class=\"font_7 wixui-rich-text__text\"><span class=\"wixui-rich-text__text\">1964:&nbsp;<\/span><span class=\"wixui-rich-text__text\">Dobudowanie do istniej\u0105cego ju\u017c dwuklasowego obiektu kolejnych dw\u00f3ch izb lekcyjnych<\/span><\/p>\n<p class=\"font_7 wixui-rich-text__text\"><span class=\"wixui-rich-text__text\">1966:&nbsp;I zjazd absolwent\u00f3w.<\/span><\/p>\n<p class=\"font_7 wixui-rich-text__text\"><span class=\"wixui-rich-text__text\">1967:&nbsp;<\/span><span class=\"wixui-rich-text__text\">Reorganizacja szko\u0142y i zmiana nazwy na Liceum Og\u00f3lnokszta\u0142c\u0105ce nr 9 im. Boles\u0142awa Chrobrego Stopnia Licealnego;&nbsp;<\/span><span class=\"wixui-rich-text__text\">przywr\u00f3cenie tradycyjnej numeracji klas I-IV.<\/span><\/p>\n<p class=\"font_7 wixui-rich-text__text\"><span class=\"wixui-rich-text__text\">1970:&nbsp;Zmiana nazwy szko\u0142y na Liceum Og\u00f3lnokszta\u0142c\u0105ce im. Boles\u0142awa Chrobrego w Gryficach.<\/span><\/p>\n<p class=\"font_7 wixui-rich-text__text\"><span class=\"wixui-rich-text__text\">1972:&nbsp;<\/span><span class=\"wixui-rich-text__text\">Oddanie do u\u017cytku nowo wybudowanego skrzyd\u0142a szko\u0142y.<\/span><\/p>\n<p class=\"font_7 wixui-rich-text__text\"><span class=\"wixui-rich-text__text\">1974:&nbsp;<\/span><span class=\"wixui-rich-text__text\">Odznaczenie szko\u0142y przez Ministra O\u015bwiaty i Wychowania Medalem Pami\u0105tkowym&nbsp;<\/span><span class=\"wixui-rich-text__text\">z okazji 200. rocznicy Komisji Edukacji Narodowej.<\/span><\/p>\n<p class=\"font_7 wixui-rich-text__text\"><span class=\"wixui-rich-text__text\">1975:&nbsp;II zjazd absolwent\u00f3w.<\/span><\/p>\n<p class=\"font_7 wixui-rich-text__text\"><span class=\"wixui-rich-text__text\">1976:&nbsp;<\/span><span class=\"wixui-rich-text__text\">Anulowanie numeru szko\u0142y.&nbsp;<\/span><\/p>\n<p class=\"font_7 wixui-rich-text__text\"><span class=\"wixui-rich-text__text\">1977:&nbsp;<\/span><span class=\"wixui-rich-text__text\">Reorganizacja szko\u0142y, w wyniku kt\u00f3rej powsta\u0142 Zesp\u00f3\u0142 Szk\u00f3\u0142 Og\u00f3lnokszta\u0142c\u0105cych&nbsp;<\/span><span class=\"wixui-rich-text__text\">sk\u0142adaj\u0105cy si\u0119 z Liceum Og\u00f3lnokszta\u0142c\u0105cego M\u0142odzie\u017cowego i Liceum Og\u00f3lnokszta\u0142c\u0105cego dla Pracuj\u0105cych;&nbsp;<\/span><span class=\"wixui-rich-text__text\">przyznanie szkole Honorowej Odznaki za dzia\u0142alno\u015b\u0107 i wybitne osi\u0105gni\u0119cia&nbsp;<\/span><span class=\"wixui-rich-text__text\">w krzewieniu idei Narodowego Funduszu Ochrony Zdrowia.<\/span><\/p>\n<p class=\"font_7 wixui-rich-text__text\"><span class=\"wixui-rich-text__text\">1979:&nbsp;<\/span><span class=\"wixui-rich-text__text\">Udekorowanie sztandaru liceum Gryfem Pomorskim.<\/span><\/p>\n<p class=\"font_7 wixui-rich-text__text\"><span class=\"wixui-rich-text__text\">1983:&nbsp;<\/span><span class=\"wixui-rich-text__text\">Powstanie Studium Nauczania Pocz\u0105tkowego (przemianowanego rok p\u00f3\u017aniej na Studium Nauczycielskie)&nbsp;<\/span><span class=\"wixui-rich-text__text\">funkcjonuj\u0105cego do 1992 r.<\/span><\/p>\n<p class=\"font_7 wixui-rich-text__text\"><span class=\"wixui-rich-text__text\">1984:&nbsp;<\/span><span class=\"wixui-rich-text__text\">Przyznanie szkole Odznaki Honorowej PCK III.&nbsp;<\/span><\/p>\n<p class=\"font_7 wixui-rich-text__text\"><span class=\"wixui-rich-text__text\">1985:&nbsp;III zjazd absolwent\u00f3w; ods\u0142oni\u0119cie pami\u0105tkowej tablicy; uhonorowanie szko\u0142y Br\u0105zow\u0105 Odznak\u0105 za zas\u0142ugi w rozwoju sportu.<\/span><\/p>\n<p class=\"font_7 wixui-rich-text__text\"><span class=\"wixui-rich-text__text\">1987:&nbsp;<\/span><span class=\"wixui-rich-text__text\">Przekazanie nowego budynku dla Studium Nauczycielskiego.<\/span><\/p>\n<p class=\"font_7 wixui-rich-text__text\"><span class=\"wixui-rich-text__text\">1995:&nbsp;IV zjazd absolwent\u00f3w, 50-lecie szko\u0142y.<\/span><\/p>\n<p class=\"font_7 wixui-rich-text__text\"><span class=\"wixui-rich-text__text\">1996:&nbsp;Zmiana nazwy szko\u0142y na I Liceum Og\u00f3lnokszta\u0142c\u0105ce im. Boles\u0142awa Chrobrego w Gryficach; nawi\u0105zanie wsp\u00f3\u0142pracy ze szko\u0142\u0105 partnersk\u0105 z Meldorf.&nbsp;<\/span><\/p>\n<p class=\"font_7 wixui-rich-text__text\"><span class=\"wixui-rich-text__text\">1999:&nbsp;Nawi\u0105zanie wsp\u00f3\u0142pracy ze szko\u0142\u0105 partnersk\u0105 z G\u00fcstrow.&nbsp;<\/span><\/p>\n<p class=\"font_7 wixui-rich-text__text\"><span class=\"wixui-rich-text__text\">2001:&nbsp;<\/span><span class=\"wixui-rich-text__text\">Reaktywacja dzia\u0142alno\u015bci zespo\u0142u ludowego.&nbsp;<\/span><\/p>\n<p class=\"font_7 wixui-rich-text__text\"><span class=\"wixui-rich-text__text\">2002:&nbsp;V zjazd absolwent\u00f3w.<\/span><\/p>\n<p class=\"font_7 wixui-rich-text__text\"><span class=\"wixui-rich-text__text\">2005:&nbsp;Obchody Jubileuszu 60-lecia liceum; nadanie szkole nowego sztandaru ufundowanego przez rodzic\u00f3w i mieszka\u0144c\u00f3w Gryfic; VI zjazd absolwent\u00f3w.&nbsp;<\/span><\/p>\n<p class=\"font_7 wixui-rich-text__text\"><span class=\"wixui-rich-text__text\">2007:&nbsp;<\/span><span class=\"wixui-rich-text__text\">Rozpocz\u0119cie generalnego remontu starego skrzyd\u0142a.<\/span><\/p>\n<p class=\"font_7 wixui-rich-text__text\"><span class=\"wixui-rich-text__text\">2008:&nbsp;Powstanie szkolnego boiska sportowego ORLIK 2012; reaktywowanie obchod\u00f3w Dnia Patrona; powr\u00f3t do tradycji noszenia przez uczni\u00f3w tarcz; generalny remont holu.&nbsp;<\/span><\/p>\n<p class=\"font_7 wixui-rich-text__text\"><span class=\"wixui-rich-text__text\">2009:&nbsp;<\/span><span class=\"wixui-rich-text__text\">Przyznanie szkole Gryfickiej Regi w kategorii Edukacji w VII edycji konkursu Starosty Gryfickiego;&nbsp;<\/span><span class=\"wixui-rich-text__text\">generalny remont auli.<\/span><\/p>\n<p class=\"font_7 wixui-rich-text__text\"><span class=\"wixui-rich-text__text\">2010:&nbsp;Obchody Jubileuszu 65-lecia szko\u0142y; VII zjazd absolwent\u00f3w; za\u0142o\u017cenie przez m\u0142odzie\u017c powiatowego miesi\u0119cznika m\u0142odzie\u017cowego \u201eLOgin\u201d.<\/span><\/p>\n<p class=\"font_7 wixui-rich-text__text\"><span class=\"wixui-rich-text__text\">2011:&nbsp;Wyr\u00f3\u017cnienie szko\u0142y tytu\u0142ami: \u201eSzko\u0142y z Pasj\u0105\u201d, \u201eBezpiecznej Szko\u0142y\u201d, \u201eSzko\u0142y z Dobr\u0105 Praktyk\u0105\u201d; zako\u0144czenie remontu starego skrzyd\u0142a.<\/span><\/p>\n<p class=\"font_7 wixui-rich-text__text\"><span class=\"wixui-rich-text__text\">2012:&nbsp;Uhonorowanie szko\u0142y tytu\u0142em \u201eLICEUM ROKU 2012\u201d; wy\u0142\u0105czenie z u\u017cytku szkolnego budynku zwanego \u201ekurnikiem\u201d.<\/span><\/p>\n<p class=\"font_7 wixui-rich-text__text\"><span class=\"wixui-rich-text__text\">2013:&nbsp;<\/span><span class=\"wixui-rich-text__text\">Wy\u0142\u0105czenie z u\u017cytku szkolnego du\u017cej sali gimnastycznej;&nbsp;<\/span><span class=\"wixui-rich-text__text\">przeniesienie zaj\u0119\u0107 wychowania fizycznego do nowoczesnego kompleksu sportowego \u201eGryf Arena\u201d;&nbsp;<\/span><span class=\"wixui-rich-text__text\">remont nowego skrzyd\u0142a.<\/span><\/p>\n<p class=\"font_7 wixui-rich-text__text\"><span class=\"wixui-rich-text__text\">2015:&nbsp;<\/span><span class=\"wixui-rich-text__text\">Obchody Jubileuszu 70-lecia szko\u0142y;&nbsp;<\/span><span class=\"wixui-rich-text__text\">nadanie auli imienia J\u00f3zefa Pa\u0144kowskiego;&nbsp;<\/span><span class=\"wixui-rich-text__text\">otwarcie \u201ePi\u0119tra Chrobrego\u201d;&nbsp;<\/span><span class=\"wixui-rich-text__text\">VIII zjazd absolwent\u00f3w.&nbsp;<\/span><\/p>\n<\/div>\n<\/div>\n<\/div>\n<\/section>\n<section id=\"comp-lx30kuyt\" class=\"Oqnisf comp-lx30kuyt wixui-section\" tabindex=\"-1\" data-block-level-container=\"ClassicSection\">\n<div id=\"bgLayers_comp-lx30kuyt\" class=\"MW5IWV\" data-hook=\"bgLayers\" data-motion-part=\"BG_LAYER comp-lx30kuyt\">\n<div class=\"LWbAav Kv1aVt\" data-testid=\"colorUnderlay\">&nbsp;<\/div>\n<div id=\"bgMedia_comp-lx30kuyt\" class=\"VgO9Yg\" data-motion-part=\"BG_MEDIA comp-lx30kuyt\">&nbsp;<\/div>\n<\/div>\n<div class=\"\" data-mesh-id=\"comp-lx30kuytinlineContent\" data-testid=\"inline-content\">\n<div data-mesh-id=\"comp-lx30kuytinlineContent-gridContainer\" data-testid=\"mesh-container-content\">\n<div id=\"comp-j5f1wt0x\" class=\"Z_l5lU MMl86N zQ9jDz qvSjx3 Vq6kJx comp-j5f1wt0x wixui-rich-text\" data-testid=\"richTextElement\">\n<p class=\"font_7 wixui-rich-text__text\"><span class=\"wixui-rich-text__text\">N<\/span><span class=\"wixui-rich-text__text\">a sukces oraz presti\u017c Liceum Og\u00f3lnokszta\u0142c\u0105cego z Oddzia\u0142ami Dwuj\u0119zycznymi im. Boles\u0142awa Chrobrego w Gryficach pracowa\u0142y ca\u0142e rzesze pracownik\u00f3w, uczni\u00f3w i ich rodzic\u00f3w. Szczeg\u00f3ln\u0105 zas\u0142ug\u0119 w budowaniu autorytetu szko\u0142y maj\u0105 jej dyrektorzy. Ich trud, wysi\u0142ek, m\u0105dre decyzje, charyzma przyczyni\u0142y si\u0119 nie tylko do rozkwitu plac\u00f3wki, ale przede wszystkim do umacniania jej pozycji w \u015brodowisku. Poni\u017cej przedstawiamy dyrektor\u00f3w i wicedyrektor\u00f3w, kt\u00f3rzy tak pi\u0119knie tworzyli histori\u0119 szko\u0142y.<\/span><\/p>\n<\/div>\n<div id=\"comp-j5f21jr5\" class=\"Vd6aQZ ignore-focus comp-j5f21jr5\" tabindex=\"-1\" role=\"region\" aria-label=\"Kotwica 2\">\n<div id=\"kotwica2\">&nbsp;<\/div>\n<\/div>\n<div id=\"comp-j5f2cowh\" class=\"Z_l5lU MMl86N zQ9jDz qvSjx3 Vq6kJx comp-j5f2cowh wixui-rich-text\" data-testid=\"richTextElement\">\n<h4 class=\"font_4 wixui-rich-text__text\"><span class=\"wixui-rich-text__text\">&nbsp;Dyrektorzy szko\u0142y: 1945-2007, 2007-&nbsp;<\/span><\/h4>\n<\/div>\n<div id=\"comp-ko4xsn5s\" class=\"Z_l5lU MMl86N zQ9jDz qvSjx3 Vq6kJx comp-ko4xsn5s wixui-rich-text\" data-testid=\"richTextElement\">\n<h1 class=\"font_0 wixui-rich-text__text\"><span class=\"wixui-rich-text__text\">1945-1946: J\u00f3zef Pa\u0144kowski&nbsp;<\/span><br class=\"wixui-rich-text__text\"><br class=\"wixui-rich-text__text\"><span class=\"wixui-rich-text__text\">1946-1947: Henryk Wyrzykowski<\/span><br class=\"wixui-rich-text__text\"><span class=\"wixui-rich-text__text\">1947-1949: Tadeusz Mi\u015bniakiewicz<\/span><br class=\"wixui-rich-text__text\"><span class=\"wixui-rich-text__text\">1949-1954: Bronis\u0142awa Sichel<\/span><br class=\"wixui-rich-text__text\"><span class=\"wixui-rich-text__text\">1954-1957: Ignacy Stankiewicz<\/span><br class=\"wixui-rich-text__text\"><span class=\"wixui-rich-text__text\">1957-1958: Antoni Klinger<\/span><br class=\"wixui-rich-text__text\"><span class=\"wixui-rich-text__text\">1958-1966: J\u00f3zef Kosierkiewicz&nbsp;<\/span><br class=\"wixui-rich-text__text\"><span class=\"wixui-rich-text__text\">1966-1991: Helena Fiejdasz&nbsp;<\/span><br class=\"wixui-rich-text__text\"><span class=\"wixui-rich-text__text\">1991-1997: Janusz Przybysz&nbsp;<\/span><br class=\"wixui-rich-text__text\"><span class=\"wixui-rich-text__text\">1997-1999: El\u017cbieta Szyma\u0144ska<br class=\"wixui-rich-text__text\">1999-2007: Miros\u0142aw Barcikowski<\/span><br class=\"wixui-rich-text__text\"><br class=\"wixui-rich-text__text\"><span class=\"wixui-rich-text__text\">2007-&nbsp; &nbsp; &nbsp; &nbsp;: Jolanta Folwarska&nbsp;<\/span><\/h1>\n<\/div>\n<\/div>\n<\/div>\n<\/section>\n<section id=\"comp-lx30kuyt1\" class=\"Oqnisf comp-lx30kuyt1 wixui-section\" tabindex=\"-1\" data-block-level-container=\"ClassicSection\">\n<div id=\"bgLayers_comp-lx30kuyt1\" class=\"MW5IWV\" data-hook=\"bgLayers\" data-motion-part=\"BG_LAYER comp-lx30kuyt1\">\n<div class=\"LWbAav Kv1aVt\" data-testid=\"colorUnderlay\">&nbsp;<\/div>\n<div id=\"bgMedia_comp-lx30kuyt1\" class=\"VgO9Yg\" data-motion-part=\"BG_MEDIA comp-lx30kuyt1\">&nbsp;<\/div>\n<\/div>\n<div class=\"\" data-mesh-id=\"comp-lx30kuyt1inlineContent\" data-testid=\"inline-content\">\n<div data-mesh-id=\"comp-lx30kuyt1inlineContent-gridContainer\" data-testid=\"mesh-container-content\">\n<div id=\"comp-ko4y2g9t\" class=\"Z_l5lU MMl86N zQ9jDz qvSjx3 Vq6kJx comp-ko4y2g9t wixui-rich-text\" data-testid=\"richTextElement\">\n<h4 class=\"font_4 wixui-rich-text__text\"><span class=\"wixui-rich-text__text\">&nbsp;Wicedyrektorzy szko\u0142y: 1954-&nbsp;<\/span><\/h4>\n<\/div>\n<div id=\"comp-ko4y5qiq\" class=\"Z_l5lU MMl86N zQ9jDz qvSjx3 Vq6kJx comp-ko4y5qiq wixui-rich-text\" data-testid=\"richTextElement\">\n<h1 class=\"font_0 wixui-rich-text__text\"><span class=\"wixui-rich-text__text\">1954-1957: Antoni Klinger<\/span><\/h1>\n<h1 class=\"font_0 wixui-rich-text__text\"><span class=\"wixui-rich-text__text\">1957-1958:&nbsp;J\u00f3zef Kosierkiewicz<\/span><\/h1>\n<h1 class=\"font_0 wixui-rich-text__text\"><span class=\"wixui-rich-text__text\">1958-1966: Helena Fiejdasz<\/span><\/h1>\n<h1 class=\"font_0 wixui-rich-text__text\"><span class=\"wixui-rich-text__text\">1966-1974: Kazimierz Szczygie\u0142<\/span><\/h1>\n<h1 class=\"font_0 wixui-rich-text__text\"><span class=\"wixui-rich-text__text\">1975-1986: Lidia Zaporowska<\/span><\/h1>\n<h1 class=\"font_0 wixui-rich-text__text\"><span class=\"wixui-rich-text__text\">1977-1994: J\u00f3zef Wodnicki<\/span><\/h1>\n<h1 class=\"font_0 wixui-rich-text__text\"><span class=\"wixui-rich-text__text\">1988-1991: Kazimiera Ka\u017amierowska&nbsp;<\/span><\/h1>\n<h1 class=\"font_0 wixui-rich-text__text\"><span class=\"wixui-rich-text__text\">1991-2003: Rozwita Wo\u017aniak&nbsp;&nbsp;<\/span><\/h1>\n<h1 class=\"font_0 wixui-rich-text__text\"><span class=\"wixui-rich-text__text\">1998-1999: Piotr Klaszczyk<\/span><\/h1>\n<h1 class=\"font_0 wixui-rich-text__text\"><span class=\"wixui-rich-text__text\">1999-2002:&nbsp;Jerzy Pomykalski<\/span><\/h1>\n<h1 class=\"font_0 wixui-rich-text__text\"><span class=\"wixui-rich-text__text\">2002-2004: Lucyna Nowak<\/span><\/h1>\n<h1 class=\"font_0 wixui-rich-text__text\"><span class=\"wixui-rich-text__text\">2004-2007: Katarzyna Kulikowska<\/span><\/h1>\n<h1 class=\"font_0 wixui-rich-text__text\"><span class=\"wixui-rich-text__text\">2007-2008: Piotr Klaszczyk<\/span><\/h1>\n<h1 class=\"font_0 wixui-rich-text__text\"><span class=\"wixui-rich-text__text\">2008-2011: El\u017cbieta Szyma\u0144ska&nbsp;<\/span><\/h1>\n<h1 class=\"font_0 wixui-rich-text__text\"><span class=\"wixui-rich-text__text\">2011-&nbsp; &nbsp; &nbsp;&nbsp;<\/span><span class=\"wixui-rich-text__text\">&nbsp;: Adam Szawarski<\/span><\/h1>\n<\/div>\n<div id=\"comp-ko4ylo8g\" class=\"Z_l5lU MMl86N zQ9jDz qvSjx3 Vq6kJx comp-ko4ylo8g wixui-rich-text\" data-testid=\"richTextElement\">\n<h4 class=\"font_4 wixui-rich-text__text\"><span class=\"wixui-rich-text__text\">&nbsp;Kierownicy internatu: 1947-1995 &nbsp;<\/span><\/h4>\n<\/div>\n<div id=\"comp-ko4ype6a\" class=\"Z_l5lU MMl86N zQ9jDz qvSjx3 Vq6kJx comp-ko4ype6a wixui-rich-text\" data-testid=\"richTextElement\">\n<h1 class=\"font_0 wixui-rich-text__text\"><span class=\"wixui-rich-text__text\">1947-1950: Boles\u0142aw Wi\u0119ckowski<\/span><\/h1>\n<h1 class=\"font_0 wixui-rich-text__text\"><span class=\"wixui-rich-text__text\">1950-1957: Aldona Ignaszewska&nbsp;<\/span><\/h1>\n<h1 class=\"font_0 wixui-rich-text__text\"><span class=\"wixui-rich-text__text\">1957-1958: Micha\u0142 Mleczko<\/span><\/h1>\n<h1 class=\"font_0 wixui-rich-text__text\"><span class=\"wixui-rich-text__text\">1958-1974: Mieczys\u0142aw Krall<\/span><\/h1>\n<h1 class=\"font_0 wixui-rich-text__text\"><span class=\"wixui-rich-text__text\">1974-1995: Kazimierz Szczygie\u0142<\/span><\/h1>\n<h1 class=\"font_0 wixui-rich-text__text\"><span class=\"wixGuard wixui-rich-text__text\">\u200b<\/span><\/h1>\n<\/div>\n<div id=\"comp-j5f34axa\" class=\"Vd6aQZ ignore-focus comp-j5f34axa\" tabindex=\"-1\" role=\"region\" aria-label=\"Kotwica 3\">\n<div id=\"kotwica3\">&nbsp;<\/div>\n<\/div>\n<div id=\"comp-j5f2ywv8\" class=\"Z_l5lU MMl86N zQ9jDz qvSjx3 Vq6kJx comp-j5f2ywv8 wixui-rich-text\" data-testid=\"richTextElement\">\n<p class=\"font_7 wixui-rich-text__text\"><span class=\"wixui-rich-text__text\">&nbsp;Nauczyciele Liceum Og\u00f3lnokszta\u0142c\u0105cego&nbsp;<\/span><\/p>\n<p class=\"font_7 wixui-rich-text__text\"><span class=\"wixui-rich-text__text\">&nbsp;z Oddzia\u0142ami Dwuj\u0119zycznymi im. Boles\u0142awa Chrobrego&nbsp;<\/span><\/p>\n<p class=\"font_7 wixui-rich-text__text\"><span class=\"wixui-rich-text__text\">&nbsp;w Gryficach&nbsp;<\/span><\/p>\n<p class=\"font_7 wixui-rich-text__text\">&nbsp;<\/p>\n<p class=\"font_7 wixui-rich-text__text\">&nbsp;<\/p>\n<p class=\"font_7 wixui-rich-text__text\"><span class=\"wixui-rich-text__text\">Zesp\u00f3\u0142 nauczycielski kszta\u0142towa\u0142 si\u0119 i rozwija\u0142 wraz z krzepni\u0119ciem i umacnianiem struktur szkolnych. Pocz\u0105tki \u2013 poza dyrektorem szko\u0142y i jego nieformaln\u0105 zast\u0119pczyni\u0105 \u2013 s\u0105 ma\u0142o uchwytne i trudne do personalnej identyfikacji. Uczyli ludzie, kt\u00f3rzy prac\u0119 w szkole traktowali jako zaj\u0119cie przej\u015bciowe, nie rokuj\u0105ce w ich \u017cyciowych planach trwalszych wi\u0119zi. Nic dziwnego, wszak byli to w wi\u0119kszo\u015bci wojskowi, przewa\u017cnie oficerowie, dla kt\u00f3rych nauczanie by\u0142o zaj\u0119ciem ubocznym. W ka\u017cdym razie wiadomo, \u017ce w momencie przenoszenia, w 1946 roku, szko\u0142y do obecnego budynku, grono nauczycielskie liczy\u0142o 6 os\u00f3b:<\/span><\/p>\n<p class=\"font_7 wixui-rich-text__text\">&nbsp;<\/p>\n<p class=\"font_7 wixui-rich-text__text\"><span class=\"wixui-rich-text__text\">1. Paulus Jan&nbsp;(\u0142acina, biologia, wychowanie fizyczne)<\/span><\/p>\n<p class=\"font_7 wixui-rich-text__text\"><span class=\"wixui-rich-text__text\">2. Mi\u015bniakiewicz Tadeusz (matematyka, fizyka)<\/span><\/p>\n<p class=\"font_7 wixui-rich-text__text\"><span class=\"wixui-rich-text__text\">3. Dopiera\u0142a Bogdan&nbsp;(j\u0119zyk angielski)<\/span><\/p>\n<p class=\"font_7 wixui-rich-text__text\"><span class=\"wixui-rich-text__text\">4. Pastuszak Maria&nbsp;(j\u0119zyk polski)<\/span><\/p>\n<p class=\"font_7 wixui-rich-text__text\"><span class=\"wixui-rich-text__text\">5. Sichel Bronis\u0142awa&nbsp;(j\u0119zyk \u0142aci\u0144ski, j\u0119zyk angielski, matematyka)<\/span><\/p>\n<p class=\"font_7 wixui-rich-text__text\"><span class=\"wixui-rich-text__text\">6. Zerichowa Maria&nbsp;(historia)<\/span><\/p>\n<p class=\"font_7 wixui-rich-text__text\">&nbsp;<\/p>\n<p class=\"font_7 wixui-rich-text__text\">&nbsp;<\/p>\n<p class=\"font_7 wixui-rich-text__text\"><span class=\"wixui-rich-text__text\">\u201eRazem z nami pracowali\u2026\u201d*<\/span><\/p>\n<p class=\"font_7 wixui-rich-text__text\">&nbsp;<\/p>\n<p class=\"font_7 wixui-rich-text__text\"><span class=\"wixui-rich-text__text\">Na kartach siedemdziesi\u0119ciu lat historii szko\u0142y zapisa\u0142o si\u0119 wielu nauczycieli \u2013 r\u00f3\u017cnych osobowo\u015bci, temperament\u00f3w, pasjonat\u00f3w. Ka\u017cdy swoj\u0105 postaw\u0105 i zaanga\u017cowaniem przyczyni\u0142 si\u0119 do stworzenia wyj\u0105tkowego wizerunku naszego Liceum:<\/span><\/p>\n<\/div>\n<div id=\"comp-j5f3e28h\" class=\"Z_l5lU MMl86N zQ9jDz qvSjx3 Vq6kJx comp-j5f3e28h wixui-rich-text\" data-testid=\"richTextElement\">\n<p class=\"font_7 wixui-rich-text__text\"><span class=\"wixui-rich-text__text\">Halina Andrzejewska <\/span><\/p>\n<p class=\"font_7 wixui-rich-text__text\"><span class=\"wixui-rich-text__text\">Stanis\u0142aw Anio\u0142a <\/span><\/p>\n<p class=\"font_7 wixui-rich-text__text\"><span class=\"wixui-rich-text__text\">Jadwiga Baranowska <\/span><\/p>\n<p class=\"font_7 wixui-rich-text__text\"><span class=\"wixui-rich-text__text\">Miros\u0142aw Barcikowski <\/span><\/p>\n<p class=\"font_7 wixui-rich-text__text\"><span class=\"wixui-rich-text__text\">Lilianna Benysek <\/span><\/p>\n<p class=\"font_7 wixui-rich-text__text\"><span class=\"wixui-rich-text__text\">Artur Biery\u0142\u0142o <\/span><\/p>\n<p class=\"font_7 wixui-rich-text__text\"><span class=\"wixui-rich-text__text\">Jaros\u0142aw B\u0142ahy <\/span><\/p>\n<p class=\"font_7 wixui-rich-text__text\"><span class=\"wixui-rich-text__text\">Janusz Bogdanowski <\/span><\/p>\n<p class=\"font_7 wixui-rich-text__text\"><span class=\"wixui-rich-text__text\">Tomasz Boruk <\/span><\/p>\n<p class=\"font_7 wixui-rich-text__text\"><span class=\"wixui-rich-text__text\">Henryk Brzozowski <\/span><\/p>\n<p class=\"font_7 wixui-rich-text__text\"><span class=\"wixui-rich-text__text\">Jadwiga Burzy\u0144ska <\/span><\/p>\n<p class=\"font_7 wixui-rich-text__text\"><span class=\"wixui-rich-text__text\">Aldona Byczkiewicz <\/span><\/p>\n<p class=\"font_7 wixui-rich-text__text\"><span class=\"wixui-rich-text__text\">Barbara Che\u0142stowska <\/span><\/p>\n<p class=\"font_7 wixui-rich-text__text\"><span class=\"wixui-rich-text__text\">Stanis\u0142awa Chru\u015bciel <\/span><\/p>\n<p class=\"font_7 wixui-rich-text__text\"><span class=\"wixui-rich-text__text\">El\u017cbieta Cicho\u0144 <\/span><\/p>\n<p class=\"font_7 wixui-rich-text__text\"><span class=\"wixui-rich-text__text\">Ma\u0142gorzata Ciechanowicz <\/span><\/p>\n<p class=\"font_7 wixui-rich-text__text\"><span class=\"wixui-rich-text__text\">Antoni Cie\u015bli\u0144ski <\/span><\/p>\n<p class=\"font_7 wixui-rich-text__text\"><span class=\"wixui-rich-text__text\">Zbigniew Ciupka <\/span><\/p>\n<p class=\"font_7 wixui-rich-text__text\"><span class=\"wixui-rich-text__text\">Maja Czerwi\u0144ska <\/span><\/p>\n<p class=\"font_7 wixui-rich-text__text\"><span class=\"wixui-rich-text__text\">Stanis\u0142awa D\u0105browska <\/span><\/p>\n<p class=\"font_7 wixui-rich-text__text\"><span class=\"wixui-rich-text__text\">Jan D\u0105browski <\/span><\/p>\n<p class=\"font_7 wixui-rich-text__text\"><span class=\"wixui-rich-text__text\">Danuta Dmitruk <\/span><\/p>\n<p class=\"font_7 wixui-rich-text__text\"><span class=\"wixui-rich-text__text\">Helena Doma\u0144ska <\/span><\/p>\n<p class=\"font_7 wixui-rich-text__text\"><span class=\"wixui-rich-text__text\">Bogdan Dopiera\u0142a <\/span><\/p>\n<p class=\"font_7 wixui-rich-text__text\"><span class=\"wixui-rich-text__text\">Franciszek Drewniak <\/span><\/p>\n<p class=\"font_7 wixui-rich-text__text\"><span class=\"wixui-rich-text__text\">Leszek Dro\u017adziel <\/span><\/p>\n<p class=\"font_7 wixui-rich-text__text\"><span class=\"wixui-rich-text__text\">Barbara Dybczak <\/span><\/p>\n<p class=\"font_7 wixui-rich-text__text\"><span class=\"wixui-rich-text__text\">Katarzyna Dyczkowska <\/span><\/p>\n<p class=\"font_7 wixui-rich-text__text\"><span class=\"wixui-rich-text__text\">Helena Fiejdasz <\/span><\/p>\n<p class=\"font_7 wixui-rich-text__text\"><span class=\"wixui-rich-text__text\">ks. Robert Go\u0142\u0119biowski <\/span><\/p>\n<p class=\"font_7 wixui-rich-text__text\"><span class=\"wixui-rich-text__text\">Czes\u0142aw Go\u0142y\u015b <\/span><\/p>\n<p class=\"font_7 wixui-rich-text__text\"><span class=\"wixui-rich-text__text\">Janina Go\u0142y\u015b <\/span><\/p>\n<p class=\"font_7 wixui-rich-text__text\"><span class=\"wixui-rich-text__text\">Bo\u017cena Gorczakowska <\/span><\/p>\n<p class=\"font_7 wixui-rich-text__text\"><span class=\"wixui-rich-text__text\">Alicja Grynczel <\/span><\/p>\n<p class=\"font_7 wixui-rich-text__text\"><span class=\"wixui-rich-text__text\">Lidia Ignaszewska <\/span><\/p>\n<p class=\"font_7 wixui-rich-text__text\"><span class=\"wixui-rich-text__text\">Aldona Ignaszewska <\/span><\/p>\n<p class=\"font_7 wixui-rich-text__text\"><span class=\"wixui-rich-text__text\">Agnieszka Jackowska <\/span><\/p>\n<p class=\"font_7 wixui-rich-text__text\"><span class=\"wixui-rich-text__text\">Irena Jurys <\/span><\/p>\n<p class=\"font_7 wixui-rich-text__text\"><span class=\"wixui-rich-text__text\">Ewa Kasperec-Capa\u0142a<\/span><\/p>\n<p class=\"font_7 wixui-rich-text__text\"><span class=\"wixui-rich-text__text\">Edward Karpiel <\/span><\/p>\n<p class=\"font_7 wixui-rich-text__text\"><span class=\"wixui-rich-text__text\">Kazimiera Ka\u017amierowska <\/span><\/p>\n<p class=\"font_7 wixui-rich-text__text\"><span class=\"wixui-rich-text__text\">Piotr Klaszczyk <\/span><\/p>\n<p class=\"font_7 wixui-rich-text__text\"><span class=\"wixui-rich-text__text\">Iwona Krasowska <\/span><\/p>\n<p class=\"font_7 wixui-rich-text__text\"><span class=\"wixui-rich-text__text\">Maria Klaus <\/span><\/p>\n<p class=\"font_7 wixui-rich-text__text\"><span class=\"wixui-rich-text__text\">Antoni Klinger <\/span><\/p>\n<p class=\"font_7 wixui-rich-text__text\"><span class=\"wixui-rich-text__text\">Cecylia Klinger <\/span><\/p>\n<p class=\"font_7 wixui-rich-text__text\"><span class=\"wixui-rich-text__text\">Jadwiga Kosierkiewicz <\/span><\/p>\n<p class=\"font_7 wixui-rich-text__text\"><span class=\"wixui-rich-text__text\">J\u00f3zef Kosierkiewicz <\/span><\/p>\n<p class=\"font_7 wixui-rich-text__text\"><span class=\"wixui-rich-text__text\">Aleksandra Kowalska Mieczys\u0142aw Krall <\/span><\/p>\n<p class=\"font_7 wixui-rich-text__text\"><span class=\"wixui-rich-text__text\">ks. Marek Rokosz <\/span><\/p>\n<p class=\"font_7 wixui-rich-text__text\"><span class=\"wixui-rich-text__text\">Katarzyna Kulikowska-Lew<\/span><\/p>\n<p class=\"font_7 wixui-rich-text__text\"><span class=\"wixui-rich-text__text\">Jan Kuczy\u0144ski <\/span><\/p>\n<p class=\"font_7 wixui-rich-text__text\"><span class=\"wixui-rich-text__text\">Leon Kulikowski <\/span><\/p>\n<p class=\"font_7 wixui-rich-text__text\"><span class=\"wixui-rich-text__text\">Leokadia Kusyk <\/span><\/p>\n<p class=\"font_7 wixui-rich-text__text\"><span class=\"wixui-rich-text__text\">Artur Lech <\/span><\/p>\n<p class=\"font_7 wixui-rich-text__text\"><span class=\"wixui-rich-text__text\">Jowita \u0141ubi\u0144ska <\/span><\/p>\n<p class=\"font_7 wixui-rich-text__text\"><span class=\"wixui-rich-text__text\">Bogdan Maciaszczyk <\/span><\/p>\n<p class=\"font_7 wixui-rich-text__text\"><span class=\"wixui-rich-text__text\">Bogumi\u0142 Maciaszek <\/span><\/p>\n<p class=\"font_7 wixui-rich-text__text\"><span class=\"wixui-rich-text__text\">Pawe\u0142 Macio\u0142 <\/span><\/p>\n<p class=\"font_7 wixui-rich-text__text\"><span class=\"wixui-rich-text__text\">W\u0142adys\u0142awa Malitowska <\/span><\/p>\n<p class=\"font_7 wixui-rich-text__text\"><span class=\"wixui-rich-text__text\">Beata Marcinkowska <\/span><\/p>\n<p class=\"font_7 wixui-rich-text__text\"><span class=\"wixui-rich-text__text\">Urszula Ma\u015blak <\/span><\/p>\n<p class=\"font_7 wixui-rich-text__text\"><span class=\"wixui-rich-text__text\">Kazimierz Michalak <\/span><\/p>\n<p class=\"font_7 wixui-rich-text__text\"><span class=\"wixui-rich-text__text\">Maria Michalczyk <\/span><\/p>\n<\/div>\n<div id=\"comp-j5f3kxul\" class=\"Z_l5lU MMl86N zQ9jDz qvSjx3 Vq6kJx comp-j5f3kxul wixui-rich-text\" data-testid=\"richTextElement\">\n<p class=\"font_7 wixui-rich-text__text\"><span class=\"wixui-rich-text__text\">Krystyna Mierzejewska <\/span><\/p>\n<p class=\"font_7 wixui-rich-text__text\"><span class=\"wixui-rich-text__text\">Maria Mikulin <\/span><\/p>\n<p class=\"font_7 wixui-rich-text__text\"><span class=\"wixui-rich-text__text\">Genowefa Miku\u0142a <\/span><\/p>\n<p class=\"font_7 wixui-rich-text__text\"><span class=\"wixui-rich-text__text\">Halina Mi\u0142kowska <\/span><\/p>\n<p class=\"font_7 wixui-rich-text__text\"><span class=\"wixui-rich-text__text\">Micha\u0142 Mleczko<\/span><\/p>\n<p class=\"font_7 wixui-rich-text__text\"><span class=\"wixui-rich-text__text\">Lucyna Nowak <\/span><\/p>\n<p class=\"font_7 wixui-rich-text__text\"><span class=\"wixui-rich-text__text\">Micha\u0142 Nowy <\/span><\/p>\n<p class=\"font_7 wixui-rich-text__text\"><span class=\"wixui-rich-text__text\">Gra\u017cyna Oleszkiewicz <\/span><\/p>\n<p class=\"font_7 wixui-rich-text__text\"><span class=\"wixui-rich-text__text\">Krystyna Opieka <\/span><\/p>\n<p class=\"font_7 wixui-rich-text__text\"><span class=\"wixui-rich-text__text\">Jadwiga Pancer <\/span><\/p>\n<p class=\"font_7 wixui-rich-text__text\"><span class=\"wixui-rich-text__text\">Krystyna Pasiut <\/span><\/p>\n<p class=\"font_7 wixui-rich-text__text\"><span class=\"wixui-rich-text__text\">Jan Paulus <\/span><\/p>\n<p class=\"font_7 wixui-rich-text__text\"><span class=\"wixui-rich-text__text\">Janina Pawelec <\/span><\/p>\n<p class=\"font_7 wixui-rich-text__text\"><span class=\"wixui-rich-text__text\">J\u00f3zefa Piasecka <\/span><\/p>\n<p class=\"font_7 wixui-rich-text__text\"><span class=\"wixui-rich-text__text\">Jerzy Pomykalski <\/span><\/p>\n<p class=\"font_7 wixui-rich-text__text\"><span class=\"wixui-rich-text__text\">Maria Puszczak <\/span><\/p>\n<p class=\"font_7 wixui-rich-text__text\"><span class=\"wixui-rich-text__text\">Teresa Rudnicka <\/span><\/p>\n<p class=\"font_7 wixui-rich-text__text\"><span class=\"wixui-rich-text__text\">Eugeniusz Rydz <\/span><\/p>\n<p class=\"font_7 wixui-rich-text__text\"><span class=\"wixui-rich-text__text\">Lubomi\u0142a Rzepecka <\/span><\/p>\n<p class=\"font_7 wixui-rich-text__text\"><span class=\"wixui-rich-text__text\">Andrzej Samulak <\/span><\/p>\n<p class=\"font_7 wixui-rich-text__text\"><span class=\"wixui-rich-text__text\">Bronis\u0142awa Sichel <\/span><\/p>\n<p class=\"font_7 wixui-rich-text__text\"><span class=\"wixui-rich-text__text\">W\u0142adys\u0142aw Sikora <\/span><\/p>\n<p class=\"font_7 wixui-rich-text__text\"><span class=\"wixui-rich-text__text\">Maria Siuda <\/span><\/p>\n<p class=\"font_7 wixui-rich-text__text\"><span class=\"wixui-rich-text__text\">Genowefa Skorecka <\/span><\/p>\n<p class=\"font_7 wixui-rich-text__text\"><span class=\"wixui-rich-text__text\">Jan Skowron <\/span><\/p>\n<p class=\"font_7 wixui-rich-text__text\"><span class=\"wixui-rich-text__text\">Krystyna Skrzypek <\/span><\/p>\n<p class=\"font_7 wixui-rich-text__text\"><span class=\"wixui-rich-text__text\">Stanis\u0142awa Sowi\u0144ska <\/span><\/p>\n<p class=\"font_7 wixui-rich-text__text\"><span class=\"wixui-rich-text__text\">Ewa Stefa\u0144ska <\/span><\/p>\n<p class=\"font_7 wixui-rich-text__text\"><span class=\"wixui-rich-text__text\">Stanis\u0142aw Stolz <\/span><\/p>\n<p class=\"font_7 wixui-rich-text__text\"><span class=\"wixui-rich-text__text\">Danuta Strzygocka <\/span><\/p>\n<p class=\"font_7 wixui-rich-text__text\"><span class=\"wixui-rich-text__text\">Andrzej Strzygocki <\/span><\/p>\n<p class=\"font_7 wixui-rich-text__text\"><span class=\"wixui-rich-text__text\">Ryszard Sza\u0142achowski <\/span><\/p>\n<p class=\"font_7 wixui-rich-text__text\"><span class=\"wixui-rich-text__text\">Marian Szczepa\u0144ski <\/span><\/p>\n<p class=\"font_7 wixui-rich-text__text\"><span class=\"wixui-rich-text__text\">Joanna Szczud\u0142o <\/span><\/p>\n<p class=\"font_7 wixui-rich-text__text\"><span class=\"wixui-rich-text__text\">Alicja Szczygie\u0142 <\/span><\/p>\n<p class=\"font_7 wixui-rich-text__text\"><span class=\"wixui-rich-text__text\">Kazimierz Szczygie\u0142 <\/span><\/p>\n<p class=\"font_7 wixui-rich-text__text\"><span class=\"wixui-rich-text__text\">Helena Szwajkosz <\/span><\/p>\n<p class=\"font_7 wixui-rich-text__text\"><span class=\"wixui-rich-text__text\">Jolanta Szy\u0142kowska <\/span><\/p>\n<p class=\"font_7 wixui-rich-text__text\"><span class=\"wixui-rich-text__text\">Marian \u015al\u0119czka <\/span><\/p>\n<p class=\"font_7 wixui-rich-text__text\"><span class=\"wixui-rich-text__text\">Kamila \u015anigurowicz <\/span><\/p>\n<p class=\"font_7 wixui-rich-text__text\"><span class=\"wixui-rich-text__text\">Maria Tietz-Katro\u0144 <\/span><\/p>\n<p class=\"font_7 wixui-rich-text__text\"><span class=\"wixui-rich-text__text\">Janusz Tomaszczak <\/span><\/p>\n<p class=\"font_7 wixui-rich-text__text\"><span class=\"wixui-rich-text__text\">ks. Piotr Twar\u00f3g <\/span><\/p>\n<p class=\"font_7 wixui-rich-text__text\"><span class=\"wixui-rich-text__text\">El\u017cbieta Urbaniak <\/span><\/p>\n<p class=\"font_7 wixui-rich-text__text\"><span class=\"wixui-rich-text__text\">Danuta Walkowiak <\/span><\/p>\n<p class=\"font_7 wixui-rich-text__text\"><span class=\"wixui-rich-text__text\">Zofia Wardziak <\/span><\/p>\n<p class=\"font_7 wixui-rich-text__text\"><span class=\"wixui-rich-text__text\">Waldemar Wierzba <\/span><\/p>\n<p class=\"font_7 wixui-rich-text__text\"><span class=\"wixui-rich-text__text\">Juliusz Wierzbicki <\/span><\/p>\n<p class=\"font_7 wixui-rich-text__text\"><span class=\"wixui-rich-text__text\">Ma\u0142gorzata Wiktorowska <\/span><\/p>\n<p class=\"font_7 wixui-rich-text__text\"><span class=\"wixui-rich-text__text\">Janusz Wiktorowski <\/span><\/p>\n<p class=\"font_7 wixui-rich-text__text\"><span class=\"wixui-rich-text__text\">Krystyna Wodnicka <\/span><\/p>\n<p class=\"font_7 wixui-rich-text__text\"><span class=\"wixui-rich-text__text\">J\u00f3zef Wodnicki <\/span><\/p>\n<p class=\"font_7 wixui-rich-text__text\"><span class=\"wixui-rich-text__text\">Bronis\u0142awa Wojciechowska<\/span><\/p>\n<p class=\"font_7 wixui-rich-text__text\"><span class=\"wixui-rich-text__text\">Edward Wojciechowski <\/span><\/p>\n<p class=\"font_7 wixui-rich-text__text\"><span class=\"wixui-rich-text__text\">Edmund Wo\u017aniak <\/span><\/p>\n<p class=\"font_7 wixui-rich-text__text\"><span class=\"wixui-rich-text__text\">Rozwita Wo\u017aniak <\/span><\/p>\n<p class=\"font_7 wixui-rich-text__text\"><span class=\"wixui-rich-text__text\">Maria Wygoda <\/span><\/p>\n<p class=\"font_7 wixui-rich-text__text\"><span class=\"wixui-rich-text__text\">Zenon Wyrwi\u0144ski <\/span><\/p>\n<p class=\"font_7 wixui-rich-text__text\"><span class=\"wixui-rich-text__text\">Lidia Zaporowska <\/span><\/p>\n<p class=\"font_7 wixui-rich-text__text\"><span class=\"wixui-rich-text__text\">Kazimierz Zawidzki <\/span><\/p>\n<p class=\"font_7 wixui-rich-text__text\"><span class=\"wixui-rich-text__text\">Robert Zawi\u015bla\u0144ski <\/span><\/p>\n<p class=\"font_7 wixui-rich-text__text\"><span class=\"wixui-rich-text__text\">Bogus\u0142aw Zielnica <\/span><\/p>\n<p class=\"font_7 wixui-rich-text__text\"><span class=\"wixui-rich-text__text\">Dorota Zi\u0119bicka <\/span><\/p>\n<p class=\"font_7 wixui-rich-text__text\"><span class=\"wixui-rich-text__text\">Helena Zugaj <\/span><\/p>\n<p class=\"font_7 wixui-rich-text__text\"><span class=\"wixui-rich-text__text\">Ma\u0142gorzata \u017bukowska-Myszkowska<\/span><\/p>\n<\/div>\n<div id=\"comp-j5f3q7h2\" class=\"Z_l5lU MMl86N zQ9jDz qvSjx3 Vq6kJx comp-j5f3q7h2 wixui-rich-text\" data-testid=\"richTextElement\">\n<p class=\"font_8 wixui-rich-text__text\"><span class=\"wixui-rich-text__text\"><span class=\"color_15 wixui-rich-text__text\">*w wykazie zosta\u0142y umieszczone osoby pracuj\u0105ce co najmniej trzy lata<\/span><\/span><\/p>\n<\/div>\n<\/div>\n<\/div>\n<\/section>\n","protected":false},"excerpt":{"rendered":"<p>Obecne Liceum Og\u00f3lnokszta\u0142c\u0105ce z Oddzia\u0142ami Dwuj\u0119zycznymi im. Boles\u0142awa Chrobrego w Gryficach jest szko\u0142\u0105 z tradycjami si\u0119gaj\u0105cymi pocz\u0105tk\u00f3w II po\u0142owy XIX wieku. W\u00f3wczas to 15 pa\u017adziernika 1852 r. z inicjatywy kr\u00f3la pruskiego otwarte zosta\u0142o gimnazjum, kt\u00f3remu nadano imi\u0119 kr\u00f3la Fryderyka Wilhelma. Uczniami szko\u0142y byli synowie okolicznej arystokracji pomorskiej, synowie bogatych ch\u0142op\u00f3w [&hellip;]<\/p>\n","protected":false},"author":1,"featured_media":0,"parent":0,"menu_order":0,"comment_status":"closed","ping_status":"closed","template":"","meta":{"ngg_post_thumbnail":0,"footnotes":""},"class_list":["post-2339","page","type-page","status-publish","hentry"],"_links":{"self":[{"href":"https:\/\/lochrobry.pl\/index.php?rest_route=\/wp\/v2\/pages\/2339","targetHints":{"allow":["GET"]}}],"collection":[{"href":"https:\/\/lochrobry.pl\/index.php?rest_route=\/wp\/v2\/pages"}],"about":[{"href":"https:\/\/lochrobry.pl\/index.php?rest_route=\/wp\/v2\/types\/page"}],"author":[{"embeddable":true,"href":"https:\/\/lochrobry.pl\/index.php?rest_route=\/wp\/v2\/users\/1"}],"replies":[{"embeddable":true,"href":"https:\/\/lochrobry.pl\/index.php?rest_route=%2Fwp%2Fv2%2Fcomments&post=2339"}],"version-history":[{"count":1,"href":"https:\/\/lochrobry.pl\/index.php?rest_route=\/wp\/v2\/pages\/2339\/revisions"}],"predecessor-version":[{"id":2340,"href":"https:\/\/lochrobry.pl\/index.php?rest_route=\/wp\/v2\/pages\/2339\/revisions\/2340"}],"wp:attachment":[{"href":"https:\/\/lochrobry.pl\/index.php?rest_route=%2Fwp%2Fv2%2Fmedia&parent=2339"}],"curies":[{"name":"wp","href":"https:\/\/api.w.org\/{rel}","templated":true}]}}